{"id":1635,"date":"2013-12-22T18:21:35","date_gmt":"2013-12-22T16:21:35","guid":{"rendered":"http:\/\/rubbeldidup.net\/blog\/?page_id=1635"},"modified":"2018-04-26T19:43:57","modified_gmt":"2018-04-26T17:43:57","slug":"iceland-2013","status":"publish","type":"page","link":"https:\/\/rubbeldidup.net\/blog\/?page_id=1635","title":{"rendered":"Iceland I Island 2013"},"content":{"rendered":"<p><strong>Reisebericht Island im Oktober 2013<\/strong><\/p>\n<p>20.10.2013 bis 31.10.2013<\/p>\n<p>Wieder zur\u00fcck in Island, eine Woche Sn\u00e6fellsnes mit meinen Reisegef\u00e4hrten vom <a title=\"letzten Jahr\" href=\"http:\/\/rubbeldidup.net\/blog\/?page_id=182\" target=\"_blank\">letzten Jahr<\/a>, Astrid und J\u00fcrgen. Diesmal lief die Planung nicht ganz so rund, die beiden waren mit ihrem Gel\u00e4ndewagen bereits im Sommer dort, eine Furtdurchquerung f\u00fchrte allerdings zu einem Schaden so das der Wagen noch in Island stand. Eigentlich sollte er dort auch (funktionierend) drei Monate bis zur Herbstreise stehen bleiben und die R\u00fcckreise war per F\u00e4hre angedacht. Allen Bem\u00fchungen zum Trotz war der Wagen, der in einer Werkstatt in\u00a0Kirkjub\u00e6jarklaustur stand, aber bis zum Tag unserer Abreise von Deutschland immer noch nicht repariert. Den Hinflug, ein Ferienhaus in <a href=\"http:\/\/de.wikipedia.org\/wiki\/Arnarstapi\" target=\"_blank\"> Arnarstapi<\/a> f\u00fcr eine Woche und auf dem letzten Dr\u00fccker einen Mietwagen, das war es dann erst einmal.<\/p>\n<p><strong>21.10.2013<\/strong><\/p>\n<p>Blauer Himmel, ein phantastisches Ferienhaus und eine Lage die quasi nicht besser sein k\u00f6nnte, es f\u00e4ngt jedenfalls schon einmal vielversprechend an..<\/p>\n<div class=\"gdl-image-frame shortcode-image-left\" style=\"max-width: 100%; float: left; width: 200px; height: 133px;\"><a title=\"Iceland 2013 Snaefellsnes\" href=\"http:\/\/rubbeldidup.net\/blog\/wp-content\/uploads\/2013\/12\/Iceland2013-rb-1.jpg\" data-rel=\"prettyPhoto\"><img style=\"width: 200px; height: 133px;\" src=\"http:\/\/rubbeldidup.net\/blog\/wp-content\/uploads\/2013\/12\/Icelandtbn-1.jpg\" alt=\"\" \/><\/a><\/div>\n<p>Zu dieser Jahreszeit hat man noch ca. 8 Stunden Sonnenlicht (Anfang Oktober sind es noch fast 2 Stunden mehr). Durch die langen D\u00e4mmerdungsphasen Morgens und Abends ist es aber gef\u00fchlt noch deutlich l\u00e4nger Hell. Der Herbst ist Ende Oktober fast schon vorbei und die Landschaftsfarben sind noch reduzierter als sie ohnehin schon sind, die Fahrt \u00fcber die kleine Pa\u00dfstrecke der 54 macht dann auch schnell klar das der Winter nicht mehr lange auf sich warten l\u00e4sst.<\/p>\n<div class=\"gdl-image-frame shortcode-image-left\" style=\"max-width: 100%; float: left; width: 200px; height: 133px;\"><a title=\"Iceland 2013 Snaefellsnes\" href=\"http:\/\/rubbeldidup.net\/blog\/wp-content\/uploads\/2013\/12\/Iceland2013-rb-2.jpg\" data-rel=\"prettyPhoto\"><img style=\"width: 200px; height: 133px;\" src=\"http:\/\/rubbeldidup.net\/blog\/wp-content\/uploads\/2013\/12\/Icelandtbn-2.jpg\" alt=\"\" \/><\/a><\/div>\n<p>Auf der anderen Seite angekommen ging es an diesem Tag noch zum Kirkjufellsfoss der sich wieder einmal hartn\u00e4ckig weigerte, von mir ansehnlich fotografiert zu werden. Daf\u00fcr gab sich der Wettergott alle M\u00fche die restliche Landschaft buchst\u00e4blich in das beste Licht zu r\u00fccken.<\/p>\n<p>&nbsp;<\/p>\n<p>&nbsp;<\/p>\n<p><strong>22.10.2013<\/strong><\/p>\n<div class=\"gdl-image-frame shortcode-image-left\" style=\"max-width: 100%; float: left; width: 200px; height: 133px;\"><a title=\"Iceland 2013 Snaefellsnes\" href=\"http:\/\/rubbeldidup.net\/blog\/wp-content\/uploads\/2013\/12\/Iceland2013-rb-3.jpg\" data-rel=\"prettyPhoto\"><img style=\"width: 200px; height: 133px;\" src=\"http:\/\/rubbeldidup.net\/blog\/wp-content\/uploads\/2013\/12\/Icelandtbn-3.jpg\" alt=\"\" \/><\/a><\/div>\n<p>Ein Blick aus dem Fenster zeigt das der Wettergott heute etwas unmotiviert ist, daran \u00e4ndert sich auch an unserem ersten Halt in B\u00fa\u00f0ir leider nichts. Es geht weiter zu meinem pers\u00f6nlichen Highlight des Tages, der Tankstelle\/Caf\u00e9 an der Abzweigung 54 und 56. Dort gibt es ausgesprochen leckeren Kuchen ..nicht verpassen \ud83d\ude42<\/p>\n<p>&nbsp;<\/p>\n<div class=\"gdl-image-frame shortcode-image-left\" style=\"max-width: 100%; float: left; width: 200px; height: 133px;\"><a title=\"Iceland 2013 Snaefellsnes\" href=\"http:\/\/rubbeldidup.net\/blog\/wp-content\/uploads\/2013\/12\/Iceland2013-rb-4.jpg\" data-rel=\"prettyPhoto\"><img style=\"width: 200px; height: 133px;\" src=\"http:\/\/rubbeldidup.net\/blog\/wp-content\/uploads\/2013\/12\/Icelandtbn-4.jpg\" alt=\"\" \/><\/a><\/div>\n<p>Weiter nach Stykkish\u00f3lmur zum Kirchenkontrastprogramm, der Stykkisholmurkirkja. Den restlichen Tag sind wir mehr oder minder planlos durch die Gegend gefahren, das war wohl auch der Grund warum wir eher zuf\u00e4llig im Haifischmuseum in Bjarnarh\u00f6fn gelandet sind. Die T\u00fcre \u00f6ffnen, riechen und wieder schlie\u00dfen ist praktisch eine flie\u00dfende Bewegung. Meine Mitreisenden wollen dennoch schauen, sind aber bereits nach kurzer Zeit auch wieder im Auto als ihnen klar wird das der Besitzer derjenige ist der diesen &#8222;leckeren&#8220; vergorenen Gr\u00f6nlandhai nicht nur produziert sondern anscheinend auch gerne den Besuchern zum probieren anbietet. Wir sind dann gefahren, in diesem Zusammenhang bin ich fast geneigt auch noch das Wort &#8222;fluchtartig&#8220; zu verwenden.<\/p>\n<p><strong>23.10.2013<\/strong><\/p>\n<div class=\"gdl-image-frame shortcode-image-left\" style=\"max-width: 100%; float: left; width: 200px; height: 133px;\"><a title=\"Iceland 2013 Snaefellsnes\" href=\"http:\/\/rubbeldidup.net\/blog\/wp-content\/uploads\/2013\/12\/Iceland2013-rb-5.jpg\" data-rel=\"prettyPhoto\"><img style=\"width: 200px; height: 133px;\" src=\"http:\/\/rubbeldidup.net\/blog\/wp-content\/uploads\/2013\/12\/Icelandtbn-5.jpg\" alt=\"\" \/><\/a><\/div>\n<p>Gestern war das Wetter schlecht, heute ist es zur Abwechslung noch etwas schlechter. Ein Wind das man fast nicht von der Stelle kommt und dazu Schneegriesel f\u00fcr das Gesichtspeeling. Der Wetterbericht verhei\u00dft auch f\u00fcr den Nachmittag nichts gutes und ich hatte bef\u00fcrchte das der Tag damit gelaufen ist. Langsam l\u00e4sst der Wind aber nach so das ich doch noch einen kurzen Abstecher an die K\u00fcste von\u00a0Arnarstapi machen kann. Auf dem R\u00fcckweg ist es, als ob jemand denn Wetter-Schalter umgelegt hat, sch\u00f6nster Sonnenschein den wir nat\u00fcrlich sofort ausnutzen. Wie schon erw\u00e4hnt ist der Herbst vorbei und die vorherrschende Farbe ist Braun, Braun und ..Braun. Damit das nicht zu eint\u00f6nig wird stellen die Isl\u00e4nder ab und an Frauen dekorativ in die Landschaft, das ist sehr nett von den Isl\u00e4ndern.<\/p>\n<div class=\"gdl-image-frame shortcode-image-left\" style=\"max-width: 100%; float: left; width: 200px; height: 133px;\"><a title=\"Iceland 2013 Snaefellsnes\" href=\"http:\/\/rubbeldidup.net\/blog\/wp-content\/uploads\/2013\/12\/Iceland2013-rb-6.jpg\" data-rel=\"prettyPhoto\"><img style=\"width: 200px; height: 133px;\" src=\"http:\/\/rubbeldidup.net\/blog\/wp-content\/uploads\/2013\/12\/Icelandtbn-6.jpg\" alt=\"\" \/><\/a><\/div>\n<p>Auf dem R\u00fcckweg stoppen wir noch bei einer Gruppe Pferde als der Besitzer bei uns anh\u00e4lt. Er sagt wir sollen uns zum fotografieren ein paar Meter die Stra\u00dfe runter hinstellen, er w\u00fcrde die Herde gleich vorbei treiben. Prima denken wir.. bis wir merken das er die Herde nicht zum Hof in der N\u00e4he sondern zu dem ungef\u00e4hr 2 Kilometer weiter entfernten bringen will. So sind wir dann gut 20 Minuten der Herde im Schritttempo hinterher gefahren. Der &#8222;Treiberhund&#8220; war ein Yorkshire Terrier ( ich vermute mit einem leichtem Hang zum Gr\u00f6\u00dfenwahn). Im Herbst sieht man sehr viel mehr Pferde, daf\u00fcr ist die Anzahl der beweglichen Verkehrshindernisse, umgangssprachlich auch als Schaf bekannt, gl\u00fccklicherweise deutlich geringer.<\/p>\n<p><strong>24.10.2013<\/strong><\/p>\n<div class=\"gdl-image-frame shortcode-image-left\" style=\"max-width: 100%; float: left; width: 200px; height: 133px;\"><a title=\"Iceland 2013 Snaefellsnes\" href=\"http:\/\/rubbeldidup.net\/blog\/wp-content\/uploads\/2013\/12\/Iceland2013-rb-7.jpg\" data-rel=\"prettyPhoto\"><img style=\"width: 200px; height: 133px;\" src=\"http:\/\/rubbeldidup.net\/blog\/wp-content\/uploads\/2013\/12\/Icelandtbn-7.jpg\" alt=\"\" \/><\/a><\/div>\n<p>Das heutige Ausflugsziel ist \u00d6ndver\u00f0arnes, das Wetter wird schlechter je n\u00e4her wir den Leuchtt\u00fcrmen kommen, f\u00fcr die Streckenverh\u00e4ltnisse gilt das gleiche. Den Weg ab der 54 kann man auch mit einem normalen Wagen (vorsichtig) fahren, Spa\u00df macht das aber nicht wenn der Unterboden akustisch meldet das die Bodenfreiheit aktuell -1 ist. Sv\u00f6rtuloft ist der sch\u00f6nere der beiden Leuchtt\u00fcrme,\u00a0\u00d6ndver\u00f0arnes dagegen eher ein T\u00fcrmchen. Heute ist Tag der Leuchtt\u00fcrme, also halten wir noch bei Malarrif und dem ehemaligen Vulkanschlot L\u00f3ndrangar bevor wir den Tag im Caf\u00e9 Fj\u00f6ruh\u00fasi\u00f0 in Hellnar beschlie\u00dfen. Das Caf\u00e9 ist \u00fcbrigens das ganze Jahr ge\u00f6ffnet, bei dem, sagen wir mal \u00fcberschaubaren, Gastronomie-Angebot zu dieser Jahreszeit ein willkommener Anlaufpunkt.<\/p>\n<p><strong>25.10.2013<\/strong><\/p>\n<div class=\"gdl-image-frame shortcode-image-left\" style=\"max-width: 100%; float: left; width: 200px; height: 133px;\"><a title=\"Iceland 2013 Snaefellsnes\" href=\"http:\/\/rubbeldidup.net\/blog\/wp-content\/uploads\/2013\/12\/Iceland2013-rb-8.jpg\" data-rel=\"prettyPhoto\"><img style=\"width: 200px; height: 133px;\" src=\"http:\/\/rubbeldidup.net\/blog\/wp-content\/uploads\/2013\/12\/Icelandtbn-8.jpg\" alt=\"\" \/><\/a><\/div>\n<p>Leider mu\u00df J\u00fcrgen schon heute wieder abreisen, also ist ein &#8222;Tagesausflug&#8220; nach Kevlavik f\u00e4llig. Klar das man unterwegs noch ein bisschen fotografiert und da es irgendwie auf dem Weg liegt haben wir noch einen Abstecher nach Akranes gemacht. Die haben doch glatt den \u00e4lteren der beiden Leuchtt\u00fcrme neu gestrichen.. also echt jetzt. Diesmal nutzen wir nicht den Tunnel Richtung Reykjavik sondern umfahren den Fjord Hvalfj\u00f6r\u00f0ur, langsam geht uns aber Licht und auch die Zeit aus so das wir keine l\u00e4ngeren Pausen machen k\u00f6nnen.<\/p>\n<p>Nach der Einsamkeit von Sn\u00e6fellsnes ist Reykjavik ein echter Kontrast, quirlig und hell erleuchtet. Wir setzen J\u00fcrgen an seinem Hotel in der N\u00e4he des Flughafens ab und machen uns auf die lange R\u00fcckfahrt. Der Mann vom Hotel erz\u00e4hlt uns noch das f\u00fcr heute Nordlichter erwartet werden, ich glaube ohne diesen Hinweis h\u00e4tten wir diese \u00fcbersehen, zumindest bei uns sahen die in Natura wenig spektakul\u00e4r aus, das leuchtende Gr\u00fcn sieht man erst auf den Bildern. Nat\u00fcrlich erscheinen die wirklich an der unm\u00f6glichsten (sprich unfotogensten) Stelle irgendwo auf Sn\u00e6fellsnes, keine Ahnung wo wir gerade sind. Dazu dann noch ein Wind das wir das Auto als Windschatten verwenden m\u00fcssen und meine Fotoausr\u00fcstung ist auch nur bedingt geeignet weil ich derzeit kein lichtstarkes Objektiv besitze. Nichtsdestotrotz eine unvergessliche Erfahrung!<\/p>\n<p><strong>26.10.2013<\/strong><\/p>\n<div class=\"gdl-image-frame shortcode-image-left\" style=\"max-width: 100%; float: left; width: 200px; height: 133px;\"><a title=\"Iceland 2013 Snaefellsnes\" href=\"http:\/\/rubbeldidup.net\/blog\/wp-content\/uploads\/2013\/12\/Iceland2013-rb-9.jpg\" data-rel=\"prettyPhoto\"><img style=\"width: 200px; height: 133px;\" src=\"http:\/\/rubbeldidup.net\/blog\/wp-content\/uploads\/2013\/12\/Icelandtbn-9.jpg\" alt=\"\" \/><\/a><\/div>\n<p>Nach dem gestrigen Tag sind wir ziehmlich platt und nutzen den Tag nur um ein bisschen durch die Gegend zu fahren. Der kleine Pa\u00df ist immer schlechter zu befahren, vor allem durch die Eisplatten die sich teilweise auf der Stra\u00dfe gebildet haben. Nebenbei, Winterreifen sind bei Mietwagen i.d.R. erst ab 1. November Standard, es empfiehlt sich daher bei dem Autovermieter vor Reiseantritt nachzufragen welche Reifen der Wagen hat. Bei einem Halt werden wir von anderen Reisenden angesprochen die Wissen m\u00f6chten wo sie gerade sind, Lost in Sn\u00e6fellsnes..<\/p>\n<p>Mittlerweile ist auch klar das der eingangs erw\u00e4hnte Gel\u00e4ndewagen w\u00e4hrend unseres Aufenthaltes nicht mehr repariert sondern per Container nach Deutschland verschifft wird. Dazu sollen wir den Fahrzeugschein bei der Werkstatt in Kirkjub\u00e6jarklaustur abgeben. Da auch die Flugpreise durch die Iceland Airwaves, ein j\u00e4hrlich stattfindendes Musikfestival in Reykjav\u00edk, gerade in die H\u00f6he gehen beschlie\u00dfen wir noch drei Tage im S\u00fcden zu verbringen. Astrid findet dazu ein nettes kleines Hotel <a title=\"Welcome Edinborg\" href=\"http:\/\/greatsouth.is\/\" target=\"_blank\">Welcome Edinborg<\/a> das mit seinen 50\u20ac die Nacht f\u00fcr die Einzelzimmer auch preislich kein allzu gro\u00dfes Loch in die Reisekasse schl\u00e4gt und in der N\u00e4he von V\u00edk \u00ed M\u00fdrdal liegt.<\/p>\n<p><strong>27.10.2013<\/strong><\/p>\n<div class=\"gdl-image-frame shortcode-image-left\" style=\"max-width: 100%; float: left; width: 200px; height: 133px;\"><a title=\"Iceland 2013 South\" href=\"http:\/\/rubbeldidup.net\/blog\/wp-content\/uploads\/2013\/12\/Iceland2013-rb-10.jpg\" data-rel=\"prettyPhoto\"><img style=\"width: 200px; height: 133px;\" src=\"http:\/\/rubbeldidup.net\/blog\/wp-content\/uploads\/2013\/12\/Icelandtbn-10.jpg\" alt=\"\" \/><\/a><\/div>\n<p>Urspr\u00fcnglich wollten wir am Golden Circle vorbei in den S\u00fcden aber die Stra\u00dfenverh\u00e4ltnisse sprechen von \u201c<em>spots<\/em> of <em>ice<\/em>\u201d, daher beschlie\u00dfen wir an der K\u00fcste entlang zu fahren. Seljalandsfoss und Sk\u00f3gafoss fahren wir erst gar nicht an, massenhaft Reisebusse wie \u00fcberhaupt der ganze S\u00fcden. Hier ist Ende Oktober mehr los als im Juli 2012, haupts\u00e4chlich Schulklassen. Rechtzeitig zum Sonnenuntergang kommen wir in Kap\u00a0Dyrh\u00f3laey an. Letztes Jahr konnte ich den Ort nicht besuchen da er wegen der Vogelbrut gesperrt war, heute genie\u00dfen wir die letzten Sonnenstrahlen am Leuchtturm.<\/p>\n<p><strong>28.10.2013<\/strong><\/p>\n<div class=\"gdl-image-frame shortcode-image-left\" style=\"max-width: 100%; float: left; width: 200px; height: 133px;\"><a title=\"Iceland 2013 South\" href=\"http:\/\/rubbeldidup.net\/blog\/wp-content\/uploads\/2013\/12\/Iceland2013-rb-11.jpg\" data-rel=\"prettyPhoto\"><img style=\"width: 200px; height: 133px;\" src=\"http:\/\/rubbeldidup.net\/blog\/wp-content\/uploads\/2013\/12\/Icelandtbn-11.jpg\" alt=\"\" \/><\/a><\/div>\n<p>Nach dem Fr\u00fchst\u00fcck fahren wir als erstes zum Sk\u00f3gafoss, offensichtlich nicht fr\u00fch genug. Eine Reisegruppe hat sich bereits quer davor versammelt: Fotograf, Stativ, Rucksack..Fotograf, Stativ, Rucksack.. usw. egal, gesellen wir uns einfach dazu. Abwechselnd l\u00e4uft einer der Gruppe vor den Wasserfall und die anderen machen Fotos. Wir bleiben nicht lange da wir ja noch nach Kirkjub\u00e6jarklaustur m\u00fcssen. Dort angekommen erfahren wir das der Wagen bereits in Reykjav\u00edk steht, wir sind also v\u00f6llig umsonst bis hier hin gefahren. Gut, wir wollten sowieso noch zum J\u00f6kuls\u00e1rl\u00f3n fahren, dennoch \u00e4rgerlich das wir nicht informiert wurden denn jetzt sollen wir den Fahrzeugschein am 29.10 bis 15.00 Uhr in Reykjav\u00edk bei der dortigen Entsprechung des ADAC abgeben. Unn\u00f6tig zu erw\u00e4hnen das wir erst gestern an Reykjav\u00edk auf dem Weg in den S\u00fcden vorbei gefahren sind. Da sich das ganze jetzt aber auch nicht mehr \u00e4ndern l\u00e4sst fahren wir weiter zum J\u00f6kuls\u00e1rl\u00f3n, unterwegs nutzen wir die Segnungen der modernen Technik und rufen J\u00fcrgen an damit er \u00fcber Webcam nachschaut wie das Wetter dort gerade ist, zumindest scheint es nicht zu regnen. Wir sind gerade angekommen als die Sonne durch die Wolken kommt, endlich habe ich meinen See in der Sonne! Dazu wird dem geneigten Publikum noch eine verk\u00fcrzte Version von Titanic pr\u00e4sentiert ^^<\/p>\n<p><strong>29.10.2013<\/strong><\/p>\n<div class=\"gdl-image-frame shortcode-image-left\" style=\"max-width: 100%; float: left; width: 200px; height: 133px;\"><a title=\"Iceland 2013 South\" href=\"http:\/\/rubbeldidup.net\/blog\/wp-content\/uploads\/2013\/12\/Iceland2013-rb-12.jpg\" data-rel=\"prettyPhoto\"><img style=\"width: 200px; height: 133px;\" src=\"http:\/\/rubbeldidup.net\/blog\/wp-content\/uploads\/2013\/12\/Icelandtbn-12.jpg\" alt=\"\" \/><\/a><\/div>\n<p>Ein letzter Versuch beim Sk\u00f3gafoss.. endlich mal keine Touris die unbedingt vor dem Wasserfall posieren m\u00fcssen! Also stelle ich mich vor den Wasserfall und lasse mich fotografieren.. \u00e4h.. zu Demonstrationszwecken.. quasi nur um zu zeigen wie das sonst aussieht.. bei den Touris \ud83d\ude09<\/p>\n<p>Auf dem Weg nach Reykjav\u00edk halten wir zwar noch beim Seljalandsfoss aber es ist wieder Reisebussandrang, davon abgesehen ist der Pfad rund um den Wasserfall auch vereist. Gehen wir einfach zum etwa einen Kilometer entfernten Glj\u00fafr\u00e1rfoss der in einer Felsspalte liegt und den wir auch ganz f\u00fcr uns alleine haben. Kurz vor der Hauptstadt halten wir noch f\u00fcr eine kurze Rast in der N\u00e4he eines Thermalkraftwerkes und werden von einem vorbeikommenden Mitarbeiter eingeladen das Kraftwerk zu besuchen. Leider fehlt uns die Zeit, die Geste ist aber sehr nett. Auch bei meinem zweiten Besuch in diesem Land zeigen sich die Isl\u00e4nder wieder als freundlich und hilfsbereit, gerade auch von Leuten wo man es normalerweise vielleicht nicht erwarten w\u00fcrde.<\/p>\n<p>Der Fahrzeugschein ist endlich an seinem Bestimmungsort angekommen und wir nutzen die restliche Zeit, der Einkaufsstra\u00dfe in Reykjav\u00edk einen Besuch abzustatten. In der in der Sk\u00f3lav\u00f6r\u00f0ust\u00edgur 4a ist ein kleiner Laden mit Bildern isl\u00e4ndischer Fotografen und was bringt man sich selbst auf einer Fotoreise als Mitbringsel mit? Klar ein <a href=\"http:\/\/www.johannesfrank.com\/index.php\/photography\/4-animals\/detail\/355-dsc0414.html?tmpl=component\" target=\"_blank\"> Foto<\/a>.<\/p>\n<p>Am n\u00e4chsten Morgen sch\u00fcttet es wie aus Eimern und die Tankstelle weigert sich hartn\u00e4ckig, wie kann es auch anders sein, unsere Kreditkarten zu akzeptieren. So kommen wir also nass und durchfroren am Flughafen an, ein echter isl\u00e4ndischer Abschiedsgru\u00df \ud83d\ude42<\/p>\n<p>Astrid und J\u00fcrgen, (wieder mal) vielen Dank f\u00fcr den wunderbaren Urlaub! <a href=\"http:\/\/www.alba-foto.de\/Island.htm\" target=\"_blank\">Hier<\/a> geht es zur Galerie von Astrid.<\/p>\n<p>&nbsp;<\/p>\n","protected":false},"excerpt":{"rendered":"<p>Reisebericht Island im Oktober 2013 20.10.2013 bis 31.10.2013 Wieder zur\u00fcck in Island, eine Woche Sn\u00e6fellsnes mit meinen Reisegef\u00e4hrten vom letzten Jahr, Astrid und J\u00fcrgen. Diesmal lief die Planung nicht ganz so rund, die beiden waren mit ihrem Gel\u00e4ndewagen bereits im Sommer dort, eine Furtdurchquerung f\u00fchrte allerdings zu einem Schaden so das der Wagen noch in Island stand. Eigentlich sollte er dort auch (funktionierend) drei Monate bis zur Herbstreise stehen bleiben und die R\u00fcckreise war per F\u00e4hre angedacht. Allen Bem\u00fchungen zum Trotz war der Wagen, der in einer Werkstatt in\u00a0Kirkjub\u00e6jarklaustur stand, aber bis zum Tag unserer Abreise von Deutschland immer noch nicht repariert. Den Hinflug, ein Ferienhaus in Arnarstapi f\u00fcr eine Woche und auf dem letzten Dr\u00fccker einen Mietwagen, das war es dann erst einmal. 21.10.2013 Blauer Himmel, ein phantastisches Ferienhaus und eine Lage die quasi nicht besser sein k\u00f6nnte, es f\u00e4ngt jedenfalls schon einmal vielversprechend an.. Zu dieser Jahreszeit hat man noch ca. 8 Stunden Sonnenlicht (Anfang Oktober sind es noch fast 2 Stunden mehr). Durch die langen D\u00e4mmerdungsphasen Morgens und Abends ist es aber gef\u00fchlt noch deutlich l\u00e4nger Hell. Der Herbst ist Ende Oktober fast schon vorbei und die Landschaftsfarben sind noch reduzierter als sie ohnehin schon sind, die Fahrt \u00fcber die kleine Pa\u00dfstrecke der 54 macht dann auch schnell klar das der Winter nicht mehr lange auf sich warten l\u00e4sst. Auf der anderen Seite angekommen ging es an diesem Tag noch zum Kirkjufellsfoss der sich wieder einmal hartn\u00e4ckig weigerte, von mir ansehnlich fotografiert zu werden. Daf\u00fcr gab sich der Wettergott alle M\u00fche die restliche Landschaft buchst\u00e4blich in das beste Licht zu r\u00fccken. &nbsp; &nbsp; 22.10.2013 Ein Blick aus dem Fenster zeigt das der Wettergott heute etwas unmotiviert ist, daran \u00e4ndert sich auch an unserem ersten Halt in B\u00fa\u00f0ir leider nichts. Es geht weiter zu meinem pers\u00f6nlichen Highlight des Tages, der Tankstelle\/Caf\u00e9 an der Abzweigung 54 und 56. Dort gibt es ausgesprochen leckeren Kuchen ..nicht verpassen \ud83d\ude42 &nbsp; Weiter nach Stykkish\u00f3lmur zum Kirchenkontrastprogramm, der Stykkisholmurkirkja. Den restlichen Tag sind wir mehr oder minder planlos durch die Gegend gefahren, das war wohl auch der Grund warum wir eher zuf\u00e4llig im Haifischmuseum in Bjarnarh\u00f6fn gelandet sind. Die T\u00fcre \u00f6ffnen, riechen und wieder schlie\u00dfen ist praktisch eine flie\u00dfende Bewegung. Meine Mitreisenden wollen dennoch schauen, sind aber bereits nach kurzer Zeit auch wieder im Auto als ihnen klar wird das der Besitzer derjenige ist der diesen &#8222;leckeren&#8220; vergorenen Gr\u00f6nlandhai nicht nur produziert sondern anscheinend auch gerne den Besuchern zum probieren anbietet. Wir sind dann gefahren, in diesem Zusammenhang bin ich fast geneigt auch noch das Wort &#8222;fluchtartig&#8220; zu verwenden. 23.10.2013 Gestern war das Wetter schlecht, heute ist es zur Abwechslung noch etwas schlechter. Ein Wind das man fast nicht von der Stelle kommt und dazu Schneegriesel f\u00fcr das Gesichtspeeling. Der Wetterbericht verhei\u00dft auch f\u00fcr den Nachmittag nichts gutes und ich hatte bef\u00fcrchte das der Tag damit gelaufen ist. Langsam l\u00e4sst der Wind aber nach so das ich doch noch einen kurzen Abstecher an die K\u00fcste von\u00a0Arnarstapi machen kann. Auf dem R\u00fcckweg ist es, als ob jemand denn Wetter-Schalter umgelegt hat, sch\u00f6nster Sonnenschein den wir nat\u00fcrlich sofort ausnutzen. Wie schon erw\u00e4hnt ist der Herbst vorbei und die vorherrschende Farbe ist Braun, Braun und ..Braun. Damit das nicht zu eint\u00f6nig wird stellen die Isl\u00e4nder ab und an Frauen dekorativ in die Landschaft, das ist sehr nett von den Isl\u00e4ndern. Auf dem R\u00fcckweg stoppen wir noch bei einer Gruppe Pferde als der Besitzer bei uns anh\u00e4lt. Er sagt wir sollen uns zum fotografieren ein paar Meter die Stra\u00dfe runter hinstellen, er w\u00fcrde die Herde gleich vorbei treiben. Prima denken wir.. bis wir merken das er die Herde nicht zum Hof in der N\u00e4he sondern zu dem ungef\u00e4hr 2 Kilometer weiter entfernten bringen will. So sind wir dann gut 20 Minuten der Herde im Schritttempo hinterher gefahren. Der &#8222;Treiberhund&#8220; war ein Yorkshire Terrier ( ich vermute mit einem leichtem Hang zum Gr\u00f6\u00dfenwahn). Im Herbst sieht man sehr viel mehr Pferde, daf\u00fcr ist die Anzahl der beweglichen Verkehrshindernisse, umgangssprachlich auch als Schaf bekannt, gl\u00fccklicherweise deutlich geringer. 24.10.2013 Das heutige Ausflugsziel ist \u00d6ndver\u00f0arnes, das Wetter wird schlechter je n\u00e4her wir den Leuchtt\u00fcrmen kommen, f\u00fcr die Streckenverh\u00e4ltnisse gilt das gleiche. Den Weg ab der 54 kann man auch mit einem normalen Wagen (vorsichtig) fahren, Spa\u00df macht das aber nicht wenn der Unterboden akustisch meldet das die Bodenfreiheit aktuell -1 ist. Sv\u00f6rtuloft ist der sch\u00f6nere der beiden Leuchtt\u00fcrme,\u00a0\u00d6ndver\u00f0arnes dagegen eher ein T\u00fcrmchen. Heute ist Tag der Leuchtt\u00fcrme, also halten wir noch bei Malarrif und dem ehemaligen Vulkanschlot L\u00f3ndrangar bevor wir den Tag im Caf\u00e9 Fj\u00f6ruh\u00fasi\u00f0 in Hellnar beschlie\u00dfen. Das Caf\u00e9 ist \u00fcbrigens das ganze Jahr ge\u00f6ffnet, bei dem, sagen wir mal \u00fcberschaubaren, Gastronomie-Angebot zu dieser Jahreszeit ein willkommener Anlaufpunkt. 25.10.2013 Leider mu\u00df J\u00fcrgen schon heute wieder abreisen, also ist ein &#8222;Tagesausflug&#8220; nach Kevlavik f\u00e4llig. Klar das man unterwegs noch ein bisschen fotografiert und da es irgendwie auf dem Weg liegt haben wir noch einen Abstecher nach Akranes gemacht. Die haben doch glatt den \u00e4lteren der beiden Leuchtt\u00fcrme neu gestrichen.. also echt jetzt. Diesmal nutzen wir nicht den Tunnel Richtung Reykjavik sondern umfahren den Fjord Hvalfj\u00f6r\u00f0ur, langsam geht uns aber Licht und auch die Zeit aus so das wir keine l\u00e4ngeren Pausen machen k\u00f6nnen. Nach der Einsamkeit von Sn\u00e6fellsnes ist Reykjavik ein echter Kontrast, quirlig und hell erleuchtet. Wir setzen J\u00fcrgen an seinem Hotel in der N\u00e4he des Flughafens ab und machen uns auf die lange R\u00fcckfahrt. Der Mann vom Hotel erz\u00e4hlt uns noch das f\u00fcr heute Nordlichter erwartet werden, ich glaube ohne diesen Hinweis h\u00e4tten wir diese \u00fcbersehen, zumindest bei uns sahen die in Natura wenig spektakul\u00e4r aus, das leuchtende Gr\u00fcn sieht man erst auf den Bildern. Nat\u00fcrlich erscheinen die wirklich an der unm\u00f6glichsten (sprich unfotogensten) Stelle irgendwo auf Sn\u00e6fellsnes, keine Ahnung wo wir gerade sind. Dazu dann noch ein Wind das wir das Auto als Windschatten verwenden m\u00fcssen und meine Fotoausr\u00fcstung ist auch nur bedingt geeignet weil ich derzeit kein lichtstarkes Objektiv besitze. Nichtsdestotrotz eine unvergessliche Erfahrung! 26.10.2013 Nach dem gestrigen Tag sind wir ziehmlich platt und nutzen den Tag [&hellip;]<\/p>\n","protected":false},"author":3,"featured_media":1607,"parent":138,"menu_order":0,"comment_status":"closed","ping_status":"closed","template":"","meta":[],"_links":{"self":[{"href":"https:\/\/rubbeldidup.net\/blog\/index.php?rest_route=\/wp\/v2\/pages\/1635"}],"collection":[{"href":"https:\/\/rubbeldidup.net\/blog\/index.php?rest_route=\/wp\/v2\/pages"}],"about":[{"href":"https:\/\/rubbeldidup.net\/blog\/index.php?rest_route=\/wp\/v2\/types\/page"}],"author":[{"embeddable":true,"href":"https:\/\/rubbeldidup.net\/blog\/index.php?rest_route=\/wp\/v2\/users\/3"}],"replies":[{"embeddable":true,"href":"https:\/\/rubbeldidup.net\/blog\/index.php?rest_route=%2Fwp%2Fv2%2Fcomments&post=1635"}],"version-history":[{"count":66,"href":"https:\/\/rubbeldidup.net\/blog\/index.php?rest_route=\/wp\/v2\/pages\/1635\/revisions"}],"predecessor-version":[{"id":5078,"href":"https:\/\/rubbeldidup.net\/blog\/index.php?rest_route=\/wp\/v2\/pages\/1635\/revisions\/5078"}],"up":[{"embeddable":true,"href":"https:\/\/rubbeldidup.net\/blog\/index.php?rest_route=\/wp\/v2\/pages\/138"}],"wp:featuredmedia":[{"embeddable":true,"href":"https:\/\/rubbeldidup.net\/blog\/index.php?rest_route=\/wp\/v2\/media\/1607"}],"wp:attachment":[{"href":"https:\/\/rubbeldidup.net\/blog\/index.php?rest_route=%2Fwp%2Fv2%2Fmedia&parent=1635"}],"curies":[{"name":"wp","href":"https:\/\/api.w.org\/{rel}","templated":true}]}}